{"id":26649,"date":"2021-10-06T17:56:32","date_gmt":"2021-10-06T20:56:32","guid":{"rendered":"https:\/\/neurodisfuncao.med.br\/?page_id=26649"},"modified":"2021-10-06T18:04:28","modified_gmt":"2021-10-06T21:04:28","slug":"politica-de-privacidade","status":"publish","type":"page","link":"https:\/\/neurodisfuncao.med.br\/?page_id=26649","title":{"rendered":"Pol\u00edtica de Privacidade"},"content":{"rendered":"\n<p>O site Neurodisfun\u00e7\u00e3o P\u00e9lvica, com o intuito de cultivar a transpar\u00eancia que sempre foi priorizada no desenvolvimento de nossas atividades, assume o compromisso de respeitar, zelar e tratar os seus dados pessoais, coletados por n\u00f3s, conforme a legisla\u00e7\u00e3o aplic\u00e1vel vigente, LGPD (Lei de Geral de Prote\u00e7\u00e3o de Dados).<\/p>\n\n\n\n<p>Respons\u00e1vel t\u00e9cnico, Dr. Nucelio Luiz de Barros Moreira Lemos &#8211; CRM-SP: 113.015, com sede na Rua Dr. Bacelar, 227 &#8211; Vila Clementino &#8211; S\u00e3o Paulo &#8211; SP &#8211; CEP 04026-000.<\/p>\n\n\n\n<p>Caso haja d\u00favidas sobre o tratamento de seus dados contate por: contato@neurodisfuncao.med.br<\/p>\n\n\n\n<h2 class=\"wp-block-heading\">Objetivos desta Pol\u00edtica<\/h2>\n\n\n\n<p>Nossa pol\u00edtica tem como objetivo informar de forma clara e concisa as condi\u00e7\u00f5es em que tratamos e protegemos seus Dados Pessoais e seus direitos, bem como orient\u00e1-lo como voc\u00ea pode entrar em contato conosco para tirar suas d\u00favidas sobre a prote\u00e7\u00e3o de seus Dados Pessoais.<\/p>\n\n\n\n<h2 class=\"wp-block-heading\">Conceitos<\/h2>\n\n\n\n<p>ANPD (AUTORIDADE NACIONAL DE PROTE\u00c7\u00c3O DE DADOS): \u00f3rg\u00e3o brasileiro de administra\u00e7\u00e3o p\u00fablica, respons\u00e1vel por zelar, implementar e fiscalizar o cumprimento da Lei Geral de Prote\u00e7\u00e3o de Dados em todo o territ\u00f3rio brasileiro.<\/p>\n\n\n\n<p>CLIENTE: Pessoa F\u00edsica ou Pessoa Jur\u00eddica que contrata nossos servi\u00e7os.<\/p>\n\n\n\n<p>COOKIES: S\u00e3o arquivos de informa\u00e7\u00e3o que s\u00e3o armazenados no computador ou dispositivos m\u00f3veis por meio do navegador de internet (browser). Estes arquivos permitem que, durante um per\u00edodo de tempo, um website \u201cse lembre\u201d das a\u00e7\u00f5es e prefer\u00eancias registradas em nome do usu\u00e1rio.<\/p>\n\n\n\n<p>COLETA: para fins desta pol\u00edtica, \u00e9 o processo de recolhimento de Dados Pessoais.<\/p>\n\n\n\n<p>COLABORADOR: refere-se ao membro da lideran\u00e7a, ao ocupante de fun\u00e7\u00f5es gerenciais, empregado direto e indireto, contratados, estagi\u00e1rios e jovens aprendizes que est\u00e3o desenvolvendo atividades na Correa Corretora.<\/p>\n\n\n\n<p>CONTROLADOR: pessoa natural ou jur\u00eddica, de direito p\u00fablico ou privado, a quem compete as decis\u00f5es referentes ao tratamento de dados pessoais.<\/p>\n\n\n\n<p>DADO PESSOAL: informa\u00e7\u00e3o relacionada \u00e0 pessoa natural identificada ou identific\u00e1vel. Os dados pessoais incluem:<br>\u2022 Nome e sobrenome;<br>\u2022 Idade (Data de Nascimento);<br>\u2022 Endere\u00e7o;<br>\u2022 E-mail;<br>\u2022 Endere\u00e7o de IP;<br>\u2022 Cargo em exerc\u00edcio;<br>\u2022 N\u00famero de Identidade:<br>\u2022 CPF,<br>\u2022 RNE,<br>\u2022 N\u00famero de Passaporte, entre outros.<\/p>\n\n\n\n<p>DADOS PESSOAIS SENS\u00cdVEIS: segundo a legisla\u00e7\u00e3o brasileira, um dado pessoal sens\u00edvel \u00e9 aquele que se refere \u00e0 origem racial ou \u00e9tnica, convic\u00e7\u00e3o religiosa, opini\u00e3o pol\u00edtica, filia\u00e7\u00e3o a sindicato ou a organiza\u00e7\u00e3o de car\u00e1ter religioso, filos\u00f3fico ou pol\u00edtico, dado referente \u00e0 sa\u00fade ou \u00e0 vida sexual, dado gen\u00e9tico ou biom\u00e9trico, quando vinculado a uma pessoa natural.<\/p>\n\n\n\n<p>DATA PROTECTION OFFICER (DPO): tamb\u00e9m chamado de Encarregado de Dados, \u00e9 o respons\u00e1vel por coordenar e por assegurar a conformidade com a Pol\u00edtica de Prote\u00e7\u00e3o de Dados e requisitos legais\/regulamentares locais aplic\u00e1veis, tamb\u00e9m, atua como o canal principal com os Titulares dos Dados e a Autoridade Nacional de Prote\u00e7\u00e3o de Dados ANPD.<\/p>\n\n\n\n<p>FORNECEDOR: Pessoa F\u00edsica ou Jur\u00eddica que oferece um determinado produto ou servi\u00e7o o site Neurodisfun\u00e7\u00e3o P\u00e9lvica.<\/p>\n\n\n\n<p>LGPD: Lei Geral de Prote\u00e7\u00e3o de Dados Pessoais (Lei 13.709\/2018).<\/p>\n\n\n\n<p>OPERADOR: pessoa natural ou jur\u00eddica, de direito p\u00fablico ou privado, que realiza o tratamento de dados pessoais em nome do Controlador.<\/p>\n\n\n\n<p>TRATAMENTO: refere-se a toda opera\u00e7\u00e3o realizada com Dados Pessoais desde o momento da coleta.<\/p>\n\n\n\n<p>TERMO DE CONSENTIMENTO: documento que coleta manifesta\u00e7\u00e3o favor\u00e1vel ao tratamento dos dados pessoais para finalidades determinadas.<\/p>\n\n\n\n<p>TITULAR DOS DADOS PESSOAIS (Titular): Pessoa F\u00edsica a quem se referem os dados pessoais que s\u00e3o objeto de tratamento.<\/p>\n\n\n\n<p>USU\u00c1RIO: \u00e9 a Pessoa F\u00edsica que acessa o site Neurodisfun\u00e7\u00e3o P\u00e9lvica na Internet.<\/p>\n\n\n\n<h2 class=\"wp-block-heading\">Origem dos Dados Pessoais<\/h2>\n\n\n\n<p>O site Neurodisfun\u00e7\u00e3o P\u00e9lvica coleta e trata os seus Dados Pessoais para que possa realizar a presta\u00e7\u00e3o de servi\u00e7os.<\/p>\n\n\n\n<p>Seus dados pessoais poder\u00e3o ser fornecidos por:<\/p>\n\n\n\n<p>\u2022 Voc\u00ea mesmo, ao preencher o formul\u00e1rio de contato;<\/p>\n\n\n\n<p>\u2022 Coleta autom\u00e1tica, ao navegar no Site; e<\/p>\n\n\n\n<p>\u2022 Coleta de informa\u00e7\u00f5es por meio de outras fontes confi\u00e1veis.<\/p>\n\n\n\n<p>As informa\u00e7\u00f5es coletadas por n\u00f3s incluem:<\/p>\n\n\n\n<p>\u2022 Sendo Pessoa F\u00edsica, tais como: nome, e-mail.<\/p>\n\n\n\n<p>\u2022 Sendo Pessoa Jur\u00eddica: raz\u00e3o social, e-mail.<\/p>\n\n\n\n<p>Dados Pessoais coletados automaticamente: Coletamos algumas informa\u00e7\u00f5es automaticamente quando voc\u00ea visita o nosso Site, a fim de personalizar e aprimorar sua experi\u00eancia. Coletamos estas informa\u00e7\u00f5es utilizando v\u00e1rios m\u00e9todos, tais como:<\/p>\n\n\n\n<p>\u2022 Estat\u00edsticas:<\/p>\n\n\n\n<p>O Site utiliza o servi\u00e7o de an\u00e1lise de rede chamado Google Analytics (fornecido pela Google) para gerar relat\u00f3rios estat\u00edsticos sobre a quantidade de usu\u00e1rios que acessam o site, as p\u00e1ginas visitadas e em que regi\u00e3o os mesmos est\u00e3o.<\/p>\n\n\n\n<p>As informa\u00e7\u00f5es coletadas por meio das estat\u00edsticas podem incluir, por exemplo, seu endere\u00e7o IP, o site origem por onde voc\u00ea chegou ao nosso Site, o tipo de dispositivo e navegador que voc\u00ea utilizou.<\/p>\n\n\n\n<p>As informa\u00e7\u00f5es de tr\u00e1fego do Site somente s\u00e3o acess\u00edveis a pessoas autorizadas. N\u00e3o utilizamos nenhuma destas informa\u00e7\u00f5es para identificar os visitantes e n\u00e3o as compartilhamos com terceiros que n\u00e3o estejam direta ou indiretamente envolvidos na presta\u00e7\u00e3o de servi\u00e7o.<\/p>\n\n\n\n<p>\u2022 Redes Sociais:<\/p>\n\n\n\n<p>Voc\u00ea tem a op\u00e7\u00e3o de clicar nos \u00edcones dedicados de redes sociais como Facebook, e Instagram que aparecem em nosso Site.<\/p>\n\n\n\n<p>Podemos ter acesso aos Dados Pessoais que voc\u00ea tornou p\u00fablicos e acess\u00edveis por meio de seus perfis nas redes sociais em quest\u00e3o. N\u00e3o criamos nem utilizamos nenhum banco de dados separado destas redes sociais com base nos Dados Pessoais que voc\u00ea publicou ali e n\u00e3o utilizamos estes meios para tratar nenhum dado relacionado \u00e0 sua vida privada.<\/p>\n\n\n\n<p>Se voc\u00ea n\u00e3o quiser que tenhamos acesso aos seus Dados Pessoais publicados nas redes sociais, dever\u00e1 utilizar os procedimentos fornecidos pelas mesmas para limitar o acesso a tais dados.<\/p>\n\n\n\n<p><\/p>\n\n\n\n<h2 class=\"wp-block-heading\">Finalidades para as quais utilizamos Dados Pessoais<\/h2>\n\n\n\n<p>Os Dados Pessoais que o site Neurodisfun\u00e7\u00e3o P\u00e9lvica coleta s\u00e3o utilizados para fornecer os seus servi\u00e7os com as seguintes finalidades:<br><br>\u2022 Informar sobre novidades, servi\u00e7os, funcionalidades, conte\u00fados relacionados \u00e0s nossas especialidades, not\u00edcias e demais eventos relevantes e de relacionamento com os usu\u00e1rios e representantes legais;<\/p>\n\n\n\n<p>\u2022 Para personalizar e aprimorar sua experi\u00eancia em nosso Site;<\/p>\n\n\n\n<p>\u2022 Qualquer outra finalidade que ser\u00e1 informada a voc\u00ea, se aplic\u00e1vel, quando coletarmos seus dados.<\/p>\n\n\n\n<p>O site Neurodisfun\u00e7\u00e3o P\u00e9lvica n\u00e3o vende e\/ou comercializa informa\u00e7\u00f5es que possam identific\u00e1-lo.<\/p>\n\n\n\n<h2 class=\"wp-block-heading\">Base legal para tratamento de Dados Pessoais<\/h2>\n\n\n\n<p> O site Neurodisfun\u00e7\u00e3o P\u00e9lvica realiza o Tratamento dos Dados Pessoais em correspond\u00eancia com as bases legais estabelecidas pela LGPD e de forma adequada e compat\u00edvel com a finalidade da sua coleta. Tratamos seus Dados Pessoais:<\/p>\n\n\n\n<p>\u2022 Em nosso leg\u00edtimo interesse ou de terceiros, desde que os requisitos legais para tanto sejam atendidos;<\/p>\n\n\n\n<p>\u2022 Em conformidade com certas obriga\u00e7\u00f5es legais ou regulat\u00f3rias; <\/p>\n\n\n\n<p>\u2022 Com base em seu pr\u00e9vio consentimento, caso, sob certas circunst\u00e2ncias, seu consentimento seja solicitado.<\/p>\n\n\n\n<h2 class=\"wp-block-heading\">Compartilhamento de Dados Pessoais<\/h2>\n\n\n\n<p>Restringimos o acesso a seus Dados Pessoais somente aos nossos profissionais devidamente autorizados que precisem ter conhecimento sobre tais dados para responder sua mensagem enviada pelo formul\u00e1rio.<\/p>\n\n\n\n<p>N\u00e3o divulgaremos seus Dados Pessoais a terceiros n\u00e3o autorizados. No entanto, podemos compartilhar seus Dados Pessoais:<\/p>\n\n\n\n<p>\u2022 Com nossos prestadores de servi\u00e7os autorizados, como consultores nas \u00e1reas de tecnologia e inform\u00e1tica; que nos suportam para o fornecimento de nossos servi\u00e7os. Nesses casos, garantiremos que os seus Dados Pessoais sejam tratados apenas para prop\u00f3sitos leg\u00edtimos, espec\u00edficos, expl\u00edcitos e informados a voc\u00ea, sem possibilidade de Tratamento posterior de forma incompat\u00edvel com a finalidade informada.<\/p>\n\n\n\n<p>Os nossos prestadores de servi\u00e7os n\u00e3o est\u00e3o autorizados a utilizar e\/ou divulgar seus Dados Pessoais, exceto para prestar os servi\u00e7os em nosso nome ou para cumprir obriga\u00e7\u00f5es legais.<\/p>\n\n\n\n<p>Nossos prestadores de servi\u00e7os somente utilizar\u00e3o seus Dados Pessoais de acordo com as instru\u00e7\u00f5es emitidas por n\u00f3s e em conformidade com as finalidades<br>mencionadas nesta Pol\u00edtica.<\/p>\n\n\n\n<p>\u2022 Com um sucessor ou comprador em caso de fus\u00e3o, aquisi\u00e7\u00e3o, venda de ativos ou opera\u00e7\u00e3o similar e somente ocorrer\u00e1 se a parte recebedora dos dados possuir uma Pol\u00edtica de Privacidade e demais pr\u00e1ticas com termos consistentes a esta Pol\u00edtica de Privacidade.<\/p>\n\n\n\n<p>\u2022 Para cumprir uma lei, regulamento ou ordem judicial.<\/p>\n\n\n\n<p>\u2022 Para responder solicita\u00e7\u00f5es de informa\u00e7\u00e3o feitas por \u00f3rg\u00e3o regulador, autoridade policial e demais autoridades p\u00fablicas, inclusive em casos relativos \u00e0 seguran\u00e7a nacional.<\/p>\n\n\n\n<p>\u2022 Para fazer cumprir e\/ou proteger propriedade ou direitos da Correa Corretora de Seguros, inclusive para investigar fraudes e ajudar a prevenir amea\u00e7as de seguran\u00e7a, inclusive da informa\u00e7\u00e3o, ou outras atividades criminosas ou maliciosas.<\/p>\n\n\n\n<p>\u2022 Para proteger os interesses leg\u00edtimos de terceiros, incluindo a seguran\u00e7a pessoal dos funcion\u00e1rios da Correa Corretora de Seguros.<\/p>\n\n\n\n<p><\/p>\n\n\n\n<h2 class=\"wp-block-heading\">Armazenamento de seus Dados Pessoais<\/h2>\n\n\n\n<p>Armazenaremos seus Dados Pessoais em nossas bases, em ambiente seguro, garantindo o sigilo e a sua confidencialidade:<\/p>\n\n\n\n<p>\u2022 Somente pelo tempo necess\u00e1rio para cumprir as finalidades para os quais foram coletados; <\/p>\n\n\n\n<p>\u2022 Os Dados Pessoais capturados poder\u00e3o ser armazenados em empresa de terceiro contratado para esse fim;<\/p>\n\n\n\n<p>\u2022 Os Dados Pessoais poder\u00e3o ser armazenados por meios de computa\u00e7\u00e3o em nuvem e\/ou outros meios que surjam no futuro, com o objetivo de melhoras e aperfei\u00e7oar as atividades, respeitando os n\u00edveis de seguran\u00e7a e boas pr\u00e1ticas do mercado.<\/p>\n\n\n\n<h2 class=\"wp-block-heading\">Dados Pessoais Sens\u00edveis<\/h2>\n\n\n\n<p>Caso seja estritamente necess\u00e1rio coletar Dados Sens\u00edveis isto ser\u00e1 feito de acordo com a finalidade para o respectivo tratamento, de acordo com as exig\u00eancias legais e com base legal prevista na LGPD ou com seu consentimento pr\u00e9vio, espec\u00edfico e destacado, para finalidades espec\u00edficas sob as condi\u00e7\u00f5es descritas nesta Pol\u00edtica.<\/p>\n\n\n\n<p>Os Dados Pessoais Sens\u00edveis s\u00e3o capturados de acordo com a finalidade para o respectivo tratamento, de acordo com as exig\u00eancias legais e com base legal prevista na LGPD ou com o seu consentimento pr\u00e9vio, espec\u00edfico e destacado, para, entre outros:<\/p>\n\n\n\n<h2 class=\"wp-block-heading\">Tratamento de Dados Pessoais de Crian\u00e7as e Adolescentes<\/h2>\n\n\n\n<p>Os Dados Pessoais de menores de idade s\u00e3o capturados de acordo com a finalidade para o respectivo tratamento, de acordo com as exig\u00eancias legais e sempre com a autoriza\u00e7\u00e3o de um dos pais ou respons\u00e1vel legal.<\/p>\n\n\n\n<h2 class=\"wp-block-heading\">Transfer\u00eancia Internacional de Dados Pessoais<\/h2>\n\n\n\n<p>Seus Dados Pessoais podem ser transferidos para destinat\u00e1rios localizados fora do Brasil e autorizados a realizar servi\u00e7os que contratarmos. Caso haja transfer\u00eancia internacional, ser\u00e3o adotadas medidas necess\u00e1rias para assegurar as garantias adequadas para a prote\u00e7\u00e3o dos seus Dados Pessoais de acordo com a LGPD e em observ\u00e2ncia \u00e0s prote\u00e7\u00f5es descritas na presente<br>Pol\u00edtica.<\/p>\n\n\n\n<h2 class=\"wp-block-heading\">Exerc\u00edcio de seus direitos decorrentes da LGPD<\/h2>\n\n\n\n<p>O Titular de Dados Pessoais tem os seguintes direitos frente aos controladores dos seus dados pessoais:<\/p>\n\n\n\n<p>\u2022 Confirmar a exist\u00eancia de Tratamento: o Titular dos Dados Pessoais pode solicitar pelo mesmo formul\u00e1rio ou pelo e-mail contato@neurodisfuncao.med.br uma confirma\u00e7\u00e3o de que seus Dados Pessoais est\u00e3o sendo processados;<\/p>\n\n\n\n<p>\u2022 Acesso aos Dados Pessoais: o Titular pode solicitar ao site Neurodisfun\u00e7\u00e3o P\u00e9lvica quais Dados Pessoais armazena sobre ele;<\/p>\n\n\n\n<p>\u2022 Corre\u00e7\u00e3o de Dados Pessoais: o Titular pode solicitar a corre\u00e7\u00e3o ou complementa\u00e7\u00e3o de Dados Pessoais incompletos, inexatos ou desatualizados. Para isso, \u00e9 necess\u00e1rio encaminhar alguma evid\u00eancia leg\u00edtima que comprove a forma correta do Dado Pessoal;<\/p>\n\n\n\n<p>\u2022 Anonimiza\u00e7\u00e3o, Bloqueio ou Elimina\u00e7\u00e3o: o Titular poder\u00e1:<\/p>\n\n\n\n<p>&#8211; Entrar em contato com o site Neurodisfun\u00e7\u00e3o P\u00e9lvica para solicitar a exclus\u00e3o dos seus Dados Pessoais. E caso os mesmos n\u00e3o impactem no oferecimento de nossos servi\u00e7os, seguiremos com sua exclus\u00e3o, contudo, caso sejam informa\u00e7\u00f5es essenciais para o nosso funcionamento, poderemos Anonimizar os dados de modo que n\u00e3o seja poss\u00edvel identificar o Titular.<br><br>&#8211; Solicitar a anonimiza\u00e7\u00e3o de seus Dados Pessoais: ser\u00e1 avaliada a possibilidade de realiz\u00e1-la sem que isso impacte no oferecimento de nossos servi\u00e7os para o Titular.<br><br>&#8211; Requerer a suspens\u00e3o tempor\u00e1ria de qualquer opera\u00e7\u00e3o de tratamento: o Titular ser\u00e1 informado que o fornecimento dos servi\u00e7os pelo site Neurodisfun\u00e7\u00e3o P\u00e9lvica e a rela\u00e7\u00e3o contratual com o Titular poder\u00e3o ficar prejudicados pela impossibilidade de tratamento dos dados;<\/p>\n\n\n\n<p>&#8211; Informa\u00e7\u00e3o de Compartilhamento dos Dados Pessoais: sempre que n\u00e3o houver algum<br>impedimento jur\u00eddico, o Titular pode solicitar para a Correa Corretora de Seguros que informe<br>com quais terceiros e porque compartilha seus Dados Pessoais.<\/p>\n\n\n\n<p>&#8211; Revoga\u00e7\u00e3o: caso o Titular tenha dado consentimento para tratamento dos seus Dados<br>Pessoais, ele pode solicitar a revoga\u00e7\u00e3o desde que n\u00e3o impossibilite o uso das funcionalidades<br>do servi\u00e7o oferecido, a n\u00e3o ser que o servi\u00e7o seja encerrado;<\/p>\n\n\n\n<p>&#8211; Portabilidade: direito de solicitar uma c\u00f3pia dos seus Dados Pessoais que temos e o direito<br>de transmitir a terceiros a referida c\u00f3pia.<\/p>\n\n\n\n<h2 class=\"wp-block-heading\">Onde buscar informa\u00e7\u00e3o adicional<\/h2>\n\n\n\n<p>Caso exista algum problema, d\u00favida, reclama\u00e7\u00e3o ou pedido a respeito do tratamento dos Dados Pessoais, voc\u00ea pode entrar em contato pelo e-mail:<br>contato@neurodisfuncao.med.br <\/p>\n\n\n\n<p>Contato: Dr. Nucelio Luiz de Barros Moreira Lemos<\/p>\n\n\n\n<p>Ou por meio de carta para o Increasing, no seguinte endere\u00e7o: Rua Dr. Bacelar, 227 &#8211; Vila Clementino &#8211; S\u00e3o Paulo &#8211; SP &#8211; CEP 04026-000<\/p>\n","protected":false},"excerpt":{"rendered":"<p>O site Neurodisfun\u00e7\u00e3o P\u00e9lvica, com o intuito de cultivar a transpar\u00eancia que sempre foi priorizada no desenvolvimento de nossas atividades, assume o compromisso de respeitar, zelar e tratar os seus dados pessoais, coletados por n\u00f3s, conforme a legisla\u00e7\u00e3o aplic\u00e1vel vigente, LGPD (Lei de Geral de Prote\u00e7\u00e3o de Dados). Respons\u00e1vel t\u00e9cnico, Dr. Nucelio Luiz de Barros [&hellip;]<\/p>\n","protected":false},"author":1,"featured_media":0,"parent":0,"menu_order":0,"comment_status":"closed","ping_status":"closed","template":"","meta":{"footnotes":""},"class_list":["post-26649","page","type-page","status-publish","hentry"],"_links":{"self":[{"href":"https:\/\/neurodisfuncao.med.br\/index.php?rest_route=\/wp\/v2\/pages\/26649","targetHints":{"allow":["GET"]}}],"collection":[{"href":"https:\/\/neurodisfuncao.med.br\/index.php?rest_route=\/wp\/v2\/pages"}],"about":[{"href":"https:\/\/neurodisfuncao.med.br\/index.php?rest_route=\/wp\/v2\/types\/page"}],"author":[{"embeddable":true,"href":"https:\/\/neurodisfuncao.med.br\/index.php?rest_route=\/wp\/v2\/users\/1"}],"replies":[{"embeddable":true,"href":"https:\/\/neurodisfuncao.med.br\/index.php?rest_route=%2Fwp%2Fv2%2Fcomments&post=26649"}],"version-history":[{"count":9,"href":"https:\/\/neurodisfuncao.med.br\/index.php?rest_route=\/wp\/v2\/pages\/26649\/revisions"}],"predecessor-version":[{"id":26661,"href":"https:\/\/neurodisfuncao.med.br\/index.php?rest_route=\/wp\/v2\/pages\/26649\/revisions\/26661"}],"wp:attachment":[{"href":"https:\/\/neurodisfuncao.med.br\/index.php?rest_route=%2Fwp%2Fv2%2Fmedia&parent=26649"}],"curies":[{"name":"wp","href":"https:\/\/api.w.org\/{rel}","templated":true}]}}