{"id":25264,"date":"2021-01-29T06:07:03","date_gmt":"2021-01-29T09:07:03","guid":{"rendered":"https:\/\/neurodisfuncao.med.br\/?page_id=25264"},"modified":"2023-03-21T16:51:47","modified_gmt":"2023-03-21T19:51:47","slug":"inicio","status":"publish","type":"page","link":"https:\/\/neurodisfuncao.med.br\/","title":{"rendered":"In\u00edcio"},"content":{"rendered":"\n<div style=\"aspect-ratio:unset;\" class=\"wp-block-cover aligncenter is-light\"><span aria-hidden=\"true\" class=\"wp-block-cover__background has-white-background-color has-background-dim-20 has-background-dim\"><\/span><div class=\"wp-block-cover__inner-container is-layout-flow wp-block-cover-is-layout-flow\">\n<div class=\"wp-block-buttons is-content-justification-center is-layout-flex wp-container-core-buttons-is-layout-a89b3969 wp-block-buttons-is-layout-flex\"><\/div>\n\n\n\n[masterslider id=&#8221;3&#8243;]\n\n\n\n<p><\/p>\n<\/div><\/div>\n\n\n\n<div class=\"wp-block-group alignfull is-layout-flow wp-block-group-is-layout-flow\">\n<div class=\"wp-block-columns is-layout-flex wp-container-core-columns-is-layout-28f84493 wp-block-columns-is-layout-flex\">\n<div class=\"wp-block-column is-layout-flow wp-block-column-is-layout-flow\">\n<div class=\"wp-block-cover\"><span aria-hidden=\"true\" class=\"wp-block-cover__background has-background-dim-0 has-background-dim\"><\/span><img loading=\"lazy\" decoding=\"async\" width=\"368\" height=\"551\" class=\"wp-block-cover__image-background wp-image-26782\" alt=\"\" src=\"https:\/\/neurodisfuncao.med.br\/wp-content\/uploads\/2022\/02\/01-paciente-1.png\" data-object-fit=\"cover\" srcset=\"https:\/\/neurodisfuncao.med.br\/wp-content\/uploads\/2022\/02\/01-paciente-1.png 368w, https:\/\/neurodisfuncao.med.br\/wp-content\/uploads\/2022\/02\/01-paciente-1-200x300.png 200w\" sizes=\"auto, (max-width: 368px) 100vw, 368px\" \/><div class=\"wp-block-cover__inner-container is-layout-flow wp-block-cover-is-layout-flow\">\n<h3 class=\"wp-block-heading\" id=\"informacoes-para-o-publico-geral\">Informa\u00e7\u00f5es para o            p\u00fablico geral<\/h3>\n\n\n\n<hr class=\"wp-block-separator has-text-color has-css-opacity has-background is-style-wide\" style=\"background-color:#d57e1c;color:#d57e1c\"\/>\n\n\n\n<p><em>Se voc\u00ea \u00e9 um paciente e procura informa\u00e7\u00f5es sobre tratamentos <\/em><\/p>\n\n\n\n<div class=\"wp-block-buttons is-content-justification-center is-layout-flex wp-container-core-buttons-is-layout-749adb30 wp-block-buttons-is-layout-flex\">\n<div class=\"wp-block-button is-style-fill\"><a class=\"wp-block-button__link has-black-color has-white-background-color has-text-color has-background wp-element-button\" href=\"https:\/\/neurodisfuncao.med.br\/?cat=7\">Acessar<\/a><\/div>\n<\/div>\n<\/div><\/div>\n<\/div>\n\n\n\n<div class=\"wp-block-column is-layout-flow wp-block-column-is-layout-flow\">\n<div class=\"wp-block-cover\"><span aria-hidden=\"true\" class=\"wp-block-cover__background has-background-dim-0 has-background-dim\"><\/span><img loading=\"lazy\" decoding=\"async\" width=\"368\" height=\"551\" class=\"wp-block-cover__image-background wp-image-26783\" alt=\"\" src=\"https:\/\/neurodisfuncao.med.br\/wp-content\/uploads\/2022\/02\/02-medico-1.png\" style=\"object-position:52% 65%\" data-object-fit=\"cover\" data-object-position=\"52% 65%\" srcset=\"https:\/\/neurodisfuncao.med.br\/wp-content\/uploads\/2022\/02\/02-medico-1.png 368w, https:\/\/neurodisfuncao.med.br\/wp-content\/uploads\/2022\/02\/02-medico-1-200x300.png 200w\" sizes=\"auto, (max-width: 368px) 100vw, 368px\" \/><div class=\"wp-block-cover__inner-container is-layout-flow wp-block-cover-is-layout-flow\">\n<h3 class=\"wp-block-heading\" id=\"informacoes-para-o-profissional-da-saude\">Informa\u00e7\u00f5es para o profissional da sa\u00fade<\/h3>\n\n\n\n<hr class=\"wp-block-separator has-text-color has-css-opacity has-background is-style-wide\" style=\"background-color:#d57e1c;color:#d57e1c\"\/>\n\n\n\n<p>Se voc\u00ea \u00e9 um m\u00e9dico ou profissional da sa\u00fade, clique aqui para obter mais informa\u00e7\u00f5es<\/p>\n\n\n\n<div class=\"wp-block-buttons is-content-justification-center is-layout-flex wp-container-core-buttons-is-layout-a89b3969 wp-block-buttons-is-layout-flex\">\n<div class=\"wp-block-button\"><a class=\"wp-block-button__link has-black-color has-white-background-color has-text-color has-background wp-element-button\" href=\"https:\/\/neurodisfuncao.med.br\/?cat=6\">Acessar<\/a><\/div>\n<\/div>\n<\/div><\/div>\n<\/div>\n\n\n\n<div class=\"wp-block-column is-layout-flow wp-block-column-is-layout-flow\">\n<div class=\"wp-block-cover\"><span aria-hidden=\"true\" class=\"wp-block-cover__background has-background-dim-0 has-background-dim\"><\/span><img loading=\"lazy\" decoding=\"async\" width=\"368\" height=\"551\" class=\"wp-block-cover__image-background wp-image-26784\" alt=\"\" src=\"https:\/\/neurodisfuncao.med.br\/wp-content\/uploads\/2022\/02\/03-artigos-cientificos-1.png\" style=\"object-position:53% 46%\" data-object-fit=\"cover\" data-object-position=\"53% 46%\" srcset=\"https:\/\/neurodisfuncao.med.br\/wp-content\/uploads\/2022\/02\/03-artigos-cientificos-1.png 368w, https:\/\/neurodisfuncao.med.br\/wp-content\/uploads\/2022\/02\/03-artigos-cientificos-1-200x300.png 200w\" sizes=\"auto, (max-width: 368px) 100vw, 368px\" \/><div class=\"wp-block-cover__inner-container is-layout-flow wp-block-cover-is-layout-flow\">\n<h3 class=\"wp-block-heading\" id=\"artigos-cientificos\">Artigos                            cient\u00edficos<\/h3>\n\n\n\n<hr class=\"wp-block-separator has-text-color has-css-opacity has-background is-style-wide\" style=\"background-color:#d57e1c;color:#d57e1c\"\/>\n\n\n\n<p>Confira os artigos publicados pela Equipe Neurodisfun\u00e7\u00e3o P\u00e9lvica<\/p>\n\n\n\n<div class=\"wp-block-buttons is-content-justification-center is-layout-flex wp-container-core-buttons-is-layout-a89b3969 wp-block-buttons-is-layout-flex\">\n<div class=\"wp-block-button\"><a class=\"wp-block-button__link has-black-color has-white-background-color has-text-color has-background wp-element-button\" href=\"https:\/\/neurodisfuncao.med.br\/?cat=5\">Acessar<\/a><\/div>\n<\/div>\n<\/div><\/div>\n<\/div>\n<\/div>\n<\/div>\n\n\n\n<div class=\"wp-block-group alignwide is-layout-flow wp-block-group-is-layout-flow\">\n<div class=\"wp-block-cover is-light\" style=\"min-height:275px;aspect-ratio:unset;\"><span aria-hidden=\"true\" class=\"wp-block-cover__background has-background-dim-100 has-background-dim\" style=\"background-color:#ef7d00\"><\/span><div class=\"wp-block-cover__inner-container is-layout-flow wp-block-cover-is-layout-flow\">\n<h3 class=\"has-text-align-center wp-block-heading\" id=\"imprensa\"><mark style=\"background-color:rgba(0, 0, 0, 0)\" class=\"has-inline-color has-white-color\">Imprensa<\/mark><\/h3>\n\n\n\n<p class=\"has-text-align-center has-white-color has-text-color\">Confira o que foi publicado na imprensa sobre Neurodisfun\u00e7\u00e3o P\u00e9lvica.<\/p>\n\n\n\n<div class=\"wp-block-buttons is-horizontal is-content-justification-center is-layout-flex wp-container-core-buttons-is-layout-03627597 wp-block-buttons-is-layout-flex\">\n<div class=\"wp-block-button is-style-fill\"><a class=\"wp-block-button__link has-black-color has-white-background-color has-text-color has-background wp-element-button\" href=\"https:\/\/neurodisfuncao.med.br\/?cat=24\">Acessar<\/a><\/div>\n<\/div>\n<\/div><\/div>\n<\/div>\n\n\n\n<div class=\"wp-block-group alignfull has-background is-layout-flow wp-block-group-is-layout-flow\" style=\"background-color:#f8f8f8\">\n<h3 class=\"has-text-align-center wp-block-heading\" id=\"responsaveis-tecnicos\">Respons\u00e1veis T\u00e9cnicos<\/h3>\n\n\n\n<div class=\"wp-block-columns alignwide is-layout-flex wp-container-core-columns-is-layout-28f84493 wp-block-columns-is-layout-flex\">\n<div class=\"wp-block-column is-vertically-aligned-top is-layout-flow wp-block-column-is-layout-flow\">\n<figure class=\"wp-block-image aligncenter size-full\"><img loading=\"lazy\" decoding=\"async\" width=\"300\" height=\"300\" src=\"http:\/\/neurodisfuncao.med.br\/wp-content\/uploads\/2023\/01\/nucelio_lemos.png\" alt=\"Nucelio Lemos\" class=\"wp-image-26914\" srcset=\"https:\/\/neurodisfuncao.med.br\/wp-content\/uploads\/2023\/01\/nucelio_lemos.png 300w, https:\/\/neurodisfuncao.med.br\/wp-content\/uploads\/2023\/01\/nucelio_lemos-150x150.png 150w\" sizes=\"auto, (max-width: 300px) 100vw, 300px\" \/><\/figure>\n\n\n\n<h4 class=\"has-text-align-center wp-block-heading\" id=\"prof-dr-nucelio-lemos\">Prof. Dr. Nucelio Lemos<\/h4>\n\n\n\n<p class=\"has-text-align-center has-text-color\" style=\"color:#888888\">CRM-SP 113.015 \/ TEGO: 0411\/2006<\/p>\n\n\n\n<p class=\"has-text-align-center\"><strong>Neuropelveologia<\/strong>; <strong>Ginecologia e Uroginecologia <\/strong><\/p>\n\n\n\n<ul class=\"wp-block-list\">\n<li>Professor associado do Depto. de Obstetr\u00edcia e Ginecologia da Universidade de Toronto, Canad\u00e1;<\/li>\n\n\n\n<li>Chefe do Setor de Neurodisfun\u00e7\u00e3o P\u00e9lvica do Dpto. de Ginecologia da Escola Paulista de Medicina &#8211; Unifesp;<\/li>\n\n\n\n<li>Membro fundador e vice-presidente da Sociedade International de Neuropelveologia <a href=\"https:\/\/www.theison.org\/\">(ISON)<\/a>.<\/li>\n<\/ul>\n<\/div>\n\n\n\n<div class=\"wp-block-column is-vertically-aligned-top is-layout-flow wp-block-column-is-layout-flow\">\n<figure class=\"wp-block-image aligncenter size-full\"><img loading=\"lazy\" decoding=\"async\" width=\"300\" height=\"300\" src=\"http:\/\/neurodisfuncao.med.br\/wp-content\/uploads\/2023\/01\/augusta_morgado.png\" alt=\"Augusta Morgado\" class=\"wp-image-26915\" srcset=\"https:\/\/neurodisfuncao.med.br\/wp-content\/uploads\/2023\/01\/augusta_morgado.png 300w, https:\/\/neurodisfuncao.med.br\/wp-content\/uploads\/2023\/01\/augusta_morgado-150x150.png 150w\" sizes=\"auto, (max-width: 300px) 100vw, 300px\" \/><\/figure>\n\n\n\n<h4 class=\"has-text-align-center wp-block-heading\" id=\"dra-augusta-morgado\">Dra. Augusta Morgado<\/h4>\n\n\n\n<p class=\"has-text-align-center has-text-color\" style=\"color:#888888\">CRM-SP 144.475<\/p>\n\n\n\n<p class=\"has-text-align-center\"> <strong>Neuropelveologia<\/strong>;\u00a0<strong>Ginecologia e Uroginecologia<\/strong><\/p>\n\n\n\n<ul class=\"wp-block-list\">\n<li>M\u00e9dica da equipe de Neuropelveologia do <a href=\"http:\/\/www.increasing.com.br\">Increasing<\/a>;<\/li>\n\n\n\n<li>M\u00e9dica do setor de Neurodisfun\u00e7\u00e3o P\u00e9lvica do departamento de Ginecologia da Escola Paulista de Medicina;<\/li>\n\n\n\n<li>P\u00f3s-graduanda do departamento de Ginecologia da Escola Paulista de Medicina.<\/li>\n<\/ul>\n<\/div>\n\n\n\n<div class=\"wp-block-column is-vertically-aligned-top is-layout-flow wp-block-column-is-layout-flow\">\n<figure class=\"wp-block-image aligncenter size-full\"><img loading=\"lazy\" decoding=\"async\" width=\"300\" height=\"300\" src=\"http:\/\/neurodisfuncao.med.br\/wp-content\/uploads\/2023\/01\/gustavo_fernandes.png\" alt=\"Gustavo Fernandes\" class=\"wp-image-26916\" srcset=\"https:\/\/neurodisfuncao.med.br\/wp-content\/uploads\/2023\/01\/gustavo_fernandes.png 300w, https:\/\/neurodisfuncao.med.br\/wp-content\/uploads\/2023\/01\/gustavo_fernandes-150x150.png 150w\" sizes=\"auto, (max-width: 300px) 100vw, 300px\" \/><\/figure>\n\n\n\n<h4 class=\"has-text-align-center wp-block-heading\" id=\"prof-dr-gustavo-fernandes\">Prof. Dr. Gustavo Fernandes<\/h4>\n\n\n\n<p class=\"has-text-align-center has-text-color\" style=\"color:#888888\">CRM-SP 112.928<\/p>\n\n\n\n<p class=\"has-text-align-center\"><strong>Neuropelveologia<\/strong>; <strong>Ginecologia; Oncologia P\u00e9lvica; Patologia Genital<\/strong><\/p>\n\n\n\n<ul class=\"wp-block-list\">\n<li>Chefe do Setor de Oncologia Ginecol\u00f3gica da Santa Casa de S\u00e3o Paulo;<\/li>\n\n\n\n<li>M\u00e9dico do Setor de Neurodisfun\u00e7\u00e3o P\u00e9lvica do Depto. de Ginecologia da Escola Paulista de Medicina &#8211; Unifesp.<\/li>\n<\/ul>\n<\/div>\n<\/div>\n<\/div>\n\n\n\n<div class=\"wp-block-group alignfull is-layout-flow wp-block-group-is-layout-flow\">\n<h2 class=\"has-text-align-center wp-block-heading\" id=\"leia-mais\">Leia mais<\/h2>\n\n\n\n<hr class=\"wp-block-separator has-text-color has-black-color has-css-opacity has-black-background-color has-background aligncenter\"\/>\n\n\n\n<p class=\"has-text-align-center\"><\/p>\n\n\n\n<div class=\"wp-block-columns is-layout-flex wp-container-core-columns-is-layout-28f84493 wp-block-columns-is-layout-flex\">\n<div class=\"wp-block-column is-layout-flow wp-block-column-is-layout-flow\">\n<div class=\"wp-block-cover\"><span aria-hidden=\"true\" class=\"wp-block-cover__background has-background-dim-0 has-background-dim\"><\/span><img loading=\"lazy\" decoding=\"async\" width=\"368\" height=\"551\" class=\"wp-block-cover__image-background wp-image-26785\" alt=\"\" src=\"https:\/\/neurodisfuncao.med.br\/wp-content\/uploads\/2022\/02\/04-neuropelveologiaB-1.png\" style=\"object-position:54% 86%\" data-object-fit=\"cover\" data-object-position=\"54% 86%\" srcset=\"https:\/\/neurodisfuncao.med.br\/wp-content\/uploads\/2022\/02\/04-neuropelveologiaB-1.png 368w, https:\/\/neurodisfuncao.med.br\/wp-content\/uploads\/2022\/02\/04-neuropelveologiaB-1-200x300.png 200w\" sizes=\"auto, (max-width: 368px) 100vw, 368px\" \/><div class=\"wp-block-cover__inner-container is-layout-flow wp-block-cover-is-layout-flow\">\n<h4 class=\"has-text-align-center wp-block-heading\" id=\"neuropelveologia\"><mark style=\"background-color:rgba(0, 0, 0, 0)\" class=\"has-inline-color has-white-color\">Neuropelveologia<\/mark><\/h4>\n\n\n\n<div class=\"wp-block-buttons is-content-justification-center is-layout-flex wp-container-core-buttons-is-layout-a89b3969 wp-block-buttons-is-layout-flex\">\n<div class=\"wp-block-button\"><a class=\"wp-block-button__link has-black-color has-white-background-color has-text-color has-background wp-element-button\" href=\"https:\/\/neurodisfuncao.med.br\/?cat=9\">Ver artigos<\/a><\/div>\n<\/div>\n<\/div><\/div>\n<\/div>\n\n\n\n<div class=\"wp-block-column is-layout-flow wp-block-column-is-layout-flow\">\n<div class=\"wp-block-cover\"><span aria-hidden=\"true\" class=\"wp-block-cover__background has-background-dim-0 has-background-dim\"><\/span><img loading=\"lazy\" decoding=\"async\" width=\"368\" height=\"551\" class=\"wp-block-cover__image-background wp-image-26787\" alt=\"\" src=\"https:\/\/neurodisfuncao.med.br\/wp-content\/uploads\/2022\/02\/05-lesao-medular-1.png\" style=\"object-position:54% 55%\" data-object-fit=\"cover\" data-object-position=\"54% 55%\" srcset=\"https:\/\/neurodisfuncao.med.br\/wp-content\/uploads\/2022\/02\/05-lesao-medular-1.png 368w, https:\/\/neurodisfuncao.med.br\/wp-content\/uploads\/2022\/02\/05-lesao-medular-1-200x300.png 200w\" sizes=\"auto, (max-width: 368px) 100vw, 368px\" \/><div class=\"wp-block-cover__inner-container is-layout-flow wp-block-cover-is-layout-flow\">\n<h4 class=\"has-text-align-center wp-block-heading\" id=\"lesao-medular\"><mark style=\"background-color:rgba(0, 0, 0, 0)\" class=\"has-inline-color has-white-color\">Les\u00e3o Medular<\/mark><\/h4>\n\n\n\n<div class=\"wp-block-buttons is-content-justification-center is-layout-flex wp-container-core-buttons-is-layout-a89b3969 wp-block-buttons-is-layout-flex\">\n<div class=\"wp-block-button\"><a class=\"wp-block-button__link has-black-color has-white-background-color has-text-color has-background wp-element-button\" href=\"https:\/\/neurodisfuncao.med.br\/?cat=8\">Ver artigos<\/a><\/div>\n<\/div>\n<\/div><\/div>\n<\/div>\n\n\n\n<div class=\"wp-block-column is-layout-flow wp-block-column-is-layout-flow\">\n<div class=\"wp-block-cover\"><span aria-hidden=\"true\" class=\"wp-block-cover__background has-background-dim-0 has-background-dim\"><\/span><img loading=\"lazy\" decoding=\"async\" width=\"368\" height=\"551\" class=\"wp-block-cover__image-background wp-image-26788\" alt=\"\" src=\"https:\/\/neurodisfuncao.med.br\/wp-content\/uploads\/2022\/02\/06-endometriose-2.png\" style=\"object-position:61% 41%\" data-object-fit=\"cover\" data-object-position=\"61% 41%\" srcset=\"https:\/\/neurodisfuncao.med.br\/wp-content\/uploads\/2022\/02\/06-endometriose-2.png 368w, https:\/\/neurodisfuncao.med.br\/wp-content\/uploads\/2022\/02\/06-endometriose-2-200x300.png 200w\" sizes=\"auto, (max-width: 368px) 100vw, 368px\" \/><div class=\"wp-block-cover__inner-container is-layout-flow wp-block-cover-is-layout-flow\">\n<h4 class=\"has-text-align-center wp-block-heading\" id=\"endometriose\"><mark style=\"background-color:rgba(0, 0, 0, 0)\" class=\"has-inline-color has-white-color\">Endometriose<\/mark><\/h4>\n\n\n\n<div class=\"wp-block-buttons is-content-justification-center is-layout-flex wp-container-core-buttons-is-layout-a89b3969 wp-block-buttons-is-layout-flex\">\n<div class=\"wp-block-button\"><a class=\"wp-block-button__link has-black-color has-white-background-color has-text-color has-background wp-element-button\" href=\"https:\/\/neurodisfuncao.med.br\/?cat=5\">Ver artigos<\/a><\/div>\n<\/div>\n<\/div><\/div>\n<\/div>\n<\/div>\n\n\n\n<div class=\"wp-block-columns is-layout-flex wp-container-core-columns-is-layout-28f84493 wp-block-columns-is-layout-flex\">\n<div class=\"wp-block-column is-layout-flow wp-block-column-is-layout-flow\">\n<div class=\"wp-block-cover\"><span aria-hidden=\"true\" class=\"wp-block-cover__background has-background-dim-0 has-background-dim\"><\/span><img loading=\"lazy\" decoding=\"async\" width=\"368\" height=\"551\" class=\"wp-block-cover__image-background wp-image-26789\" alt=\"\" src=\"https:\/\/neurodisfuncao.med.br\/wp-content\/uploads\/2022\/02\/07-dor-2.png\" data-object-fit=\"cover\" srcset=\"https:\/\/neurodisfuncao.med.br\/wp-content\/uploads\/2022\/02\/07-dor-2.png 368w, https:\/\/neurodisfuncao.med.br\/wp-content\/uploads\/2022\/02\/07-dor-2-200x300.png 200w\" sizes=\"auto, (max-width: 368px) 100vw, 368px\" \/><div class=\"wp-block-cover__inner-container is-layout-flow wp-block-cover-is-layout-flow\">\n<h4 class=\"has-text-align-center wp-block-heading\" id=\"dor\"><mark style=\"background-color:rgba(0, 0, 0, 0)\" class=\"has-inline-color has-white-color\">Dor<\/mark><\/h4>\n\n\n\n<div class=\"wp-block-buttons is-content-justification-center is-layout-flex wp-container-core-buttons-is-layout-a89b3969 wp-block-buttons-is-layout-flex\">\n<div class=\"wp-block-button\"><a class=\"wp-block-button__link has-black-color has-white-background-color has-text-color has-background wp-element-button\" href=\"https:\/\/neurodisfuncao.med.br\/?cat=4\">Ver artigos<\/a><\/div>\n<\/div>\n<\/div><\/div>\n<\/div>\n\n\n\n<div class=\"wp-block-column is-layout-flow wp-block-column-is-layout-flow\">\n<div class=\"wp-block-cover\"><span aria-hidden=\"true\" class=\"wp-block-cover__background has-background-dim\" style=\"background-color:#1e2731\"><\/span><img loading=\"lazy\" decoding=\"async\" width=\"368\" height=\"551\" class=\"wp-block-cover__image-background wp-image-26790\" alt=\"\" src=\"https:\/\/neurodisfuncao.med.br\/wp-content\/uploads\/2022\/02\/08-alteracoes-urinarias-2.png\" data-object-fit=\"cover\" srcset=\"https:\/\/neurodisfuncao.med.br\/wp-content\/uploads\/2022\/02\/08-alteracoes-urinarias-2.png 368w, https:\/\/neurodisfuncao.med.br\/wp-content\/uploads\/2022\/02\/08-alteracoes-urinarias-2-200x300.png 200w\" sizes=\"auto, (max-width: 368px) 100vw, 368px\" \/><div class=\"wp-block-cover__inner-container is-layout-flow wp-block-cover-is-layout-flow\">\n<h4 class=\"has-text-align-center wp-block-heading\" id=\"alteracoes-urinarias-e-evacuatorias\"><mark style=\"background-color:rgba(0, 0, 0, 0)\" class=\"has-inline-color has-white-color\">Altera\u00e7\u00f5es Urin\u00e1rias e Evacuat\u00f3rias<\/mark><\/h4>\n\n\n\n<div class=\"wp-block-buttons is-content-justification-center is-layout-flex wp-container-core-buttons-is-layout-a89b3969 wp-block-buttons-is-layout-flex\">\n<div class=\"wp-block-button\"><a class=\"wp-block-button__link has-black-color has-white-background-color has-text-color has-background wp-element-button\" href=\"https:\/\/neurodisfuncao.med.br\/?cat=2\">Ver artigos<\/a><\/div>\n<\/div>\n<\/div><\/div>\n<\/div>\n\n\n\n<div class=\"wp-block-column is-layout-flow wp-block-column-is-layout-flow\">\n<div class=\"wp-block-cover\"><span aria-hidden=\"true\" class=\"wp-block-cover__background has-background-dim-0 has-background-dim\" style=\"background-color:#1e2731\"><\/span><img loading=\"lazy\" decoding=\"async\" width=\"368\" height=\"551\" class=\"wp-block-cover__image-background wp-image-26791\" alt=\"\" src=\"https:\/\/neurodisfuncao.med.br\/wp-content\/uploads\/2022\/02\/09-radiculopatiasB-1.png\" data-object-fit=\"cover\" srcset=\"https:\/\/neurodisfuncao.med.br\/wp-content\/uploads\/2022\/02\/09-radiculopatiasB-1.png 368w, https:\/\/neurodisfuncao.med.br\/wp-content\/uploads\/2022\/02\/09-radiculopatiasB-1-200x300.png 200w\" sizes=\"auto, (max-width: 368px) 100vw, 368px\" \/><div class=\"wp-block-cover__inner-container is-layout-flow wp-block-cover-is-layout-flow\">\n<h4 class=\"has-text-align-center wp-block-heading\" id=\"radiculopatias-intrapelvicas\"><mark style=\"background-color:rgba(0, 0, 0, 0)\" class=\"has-inline-color has-white-color\">Radiculopatias Intrap\u00e9lvicas<\/mark><\/h4>\n\n\n\n<div class=\"wp-block-buttons is-content-justification-center is-layout-flex wp-container-core-buttons-is-layout-a89b3969 wp-block-buttons-is-layout-flex\">\n<div class=\"wp-block-button\"><a class=\"wp-block-button__link has-black-color has-white-background-color has-text-color has-background wp-element-button\" href=\"https:\/\/neurodisfuncao.med.br\/?cat=11\">Ver artigos<\/a><\/div>\n<\/div>\n<\/div><\/div>\n<\/div>\n<\/div>\n<\/div>\n\n\n\n<p><\/p>\n","protected":false},"excerpt":{"rendered":"<p>Respons\u00e1veis T\u00e9cnicos Prof. Dr. Nucelio Lemos CRM-SP 113.015 \/ TEGO: 0411\/2006 Neuropelveologia; Ginecologia e Uroginecologia Dra. Augusta Morgado CRM-SP 144.475 Neuropelveologia;\u00a0Ginecologia e Uroginecologia Prof. Dr. Gustavo Fernandes CRM-SP 112.928 Neuropelveologia; Ginecologia; Oncologia P\u00e9lvica; Patologia Genital Leia mais<\/p>\n","protected":false},"author":1,"featured_media":0,"parent":0,"menu_order":0,"comment_status":"closed","ping_status":"closed","template":"","meta":{"footnotes":""},"class_list":["post-25264","page","type-page","status-publish","hentry"],"_links":{"self":[{"href":"https:\/\/neurodisfuncao.med.br\/index.php?rest_route=\/wp\/v2\/pages\/25264","targetHints":{"allow":["GET"]}}],"collection":[{"href":"https:\/\/neurodisfuncao.med.br\/index.php?rest_route=\/wp\/v2\/pages"}],"about":[{"href":"https:\/\/neurodisfuncao.med.br\/index.php?rest_route=\/wp\/v2\/types\/page"}],"author":[{"embeddable":true,"href":"https:\/\/neurodisfuncao.med.br\/index.php?rest_route=\/wp\/v2\/users\/1"}],"replies":[{"embeddable":true,"href":"https:\/\/neurodisfuncao.med.br\/index.php?rest_route=%2Fwp%2Fv2%2Fcomments&post=25264"}],"version-history":[{"count":79,"href":"https:\/\/neurodisfuncao.med.br\/index.php?rest_route=\/wp\/v2\/pages\/25264\/revisions"}],"predecessor-version":[{"id":26932,"href":"https:\/\/neurodisfuncao.med.br\/index.php?rest_route=\/wp\/v2\/pages\/25264\/revisions\/26932"}],"wp:attachment":[{"href":"https:\/\/neurodisfuncao.med.br\/index.php?rest_route=%2Fwp%2Fv2%2Fmedia&parent=25264"}],"curies":[{"name":"wp","href":"https:\/\/api.w.org\/{rel}","templated":true}]}}